{"id":2158,"date":"2019-08-18T18:11:51","date_gmt":"2019-08-18T16:11:51","guid":{"rendered":"http:\/\/zsp.wegrow.pl\/?page_id=2158"},"modified":"2020-12-20T20:26:24","modified_gmt":"2020-12-20T19:26:24","slug":"projekt-3-2-1-start-inwestycja-w-wiedze-brama-do-sukcesu-zawodowego","status":"publish","type":"page","link":"https:\/\/zsp.wegrow.pl\/index.php\/projekt-3-2-1-start-inwestycja-w-wiedze-brama-do-sukcesu-zawodowego\/","title":{"rendered":"Projekt &#8211; &#8222;3, 2, 1 &#8211; Start! Inwestycja w wiedz\u0119 bram\u0105 do sukcesu zawodowego&#8221;"},"content":{"rendered":"\n<hr class=\"wp-block-separator has-text-color has-background has-black-background-color has-black-color is-style-wide\"\/>\n\n\n\n<div style=\"height:30px\" aria-hidden=\"true\" class=\"wp-block-spacer\"><\/div>\n\n\n\n<h2 class=\"has-text-align-center wp-block-heading\">Podsumowanie projektu<\/h2>\n\n\n\n<p class=\"has-drop-cap has-text-align-justify\"><strong>Dobiega ko\u0144ca rok 2020 i wraz z nim Zesp\u00f3\u0142 Szk\u00f3\u0142 Ponadpodstawowych im. Jana Kochanowskiego w W\u0119growie ko\u0144czy z powodzeniem realizacj\u0119 projektu pt. <\/strong>Projekt \u201e3, 2, 1 &#8211; Start! Inwestycja w wiedz\u0119 bram\u0105 do sukcesu zawodowego\u201d<strong>, wdra\u017canego i finansowanego w ramach<\/strong> ze \u015brodk\u00f3w Europejskiego Funduszu Spo\u0142ecznego, Program Operacyjny Wiedza Edukacja Rozw\u00f3j (PO WER) w ramach projektu \u201eMi\u0119dzynarodowa mobilno\u015b\u0107 edukacyjna uczni\u00f3w i absolwent\u00f3w oraz kadry kszta\u0142cenia zawodowego\u201d na zasadach programu Erasmus+ sektor Kszta\u0142cenie i szkolenia zawodowe.<\/p>\n\n\n\n<p class=\"has-text-align-justify\">G\u0142\u00f3wnym za\u0142o\u017ceniem projektu by\u0142a organizacja dw\u00f3ch zagranicznych mobilno\u015bci, w ramach kt\u00f3rych uczniowie Technikum oraz Szko\u0142y Bran\u017cowej I Stopnia zrealizowali 80-godzinny program sta\u017cu zawodowego w greckich przedsi\u0119biorstwach, zgodnie z kszta\u0142conym zawodem. Projekt rozpocz\u0105\u0142 si\u0119 w po\u0142owie sierpnia 2019, kiedy zosta\u0142 zakontraktowany, w lutym 2019 roku z\u0142o\u017cyli\u015bmy aplikacj\u0119 projektow\u0105. Stworzenie materia\u0142\u00f3w promocyjnych, rekrutacja grup wyje\u017cd\u017caj\u0105cych do Grecji w ramach projektu czy szkolenia przygotowawcze to dzia\u0142ania zrealizowane przed wyjazdami uczni\u00f3w do Grecji.<\/p>\n\n\n\n<p class=\"has-text-align-justify\">Dwa tygodnie, sp\u0119dzone w s\u0142onecznej Grecji to \u015bwietna okazja, aby rozwin\u0105\u0107 swoje umiej\u0119tno\u015bci, zdoby\u0107 cenn\u0105 wiedz\u0119 i do\u015bwiadczenie, co wynika\u0142o z pracy w prawdziwym przedsi\u0119biorstwie, pod presj\u0105 czasu i rezultatu. Codzienne pos\u0142ugiwanie si\u0119 j\u0119zykiem angielskim by\u0142o bardzo warto\u015bciowym elementem projektu, kt\u00f3ry wp\u0142yn\u0105\u0142 na prze\u0142amanie bariery j\u0119zykowej i zapoznanie si\u0119 ze s\u0142ownictwem bran\u017cowym, typowym dla danego zawodu.<\/p>\n\n\n\n<p class=\"has-text-align-justify\">W czasie wolnym od sta\u017cu, m\u0142odzie\u017c realizowa\u0142a program edukacyjno \u2013 kulturowy, kt\u00f3ry zak\u0142ada\u0142 udzia\u0142 w wycieczkach oraz animacj\u0119 czasu wolnego. By\u0142a to r\u00f3wnie\u017c okazja, aby zwiedzi\u0107 Grecj\u0119 i pozna\u0107 jej kultur\u0119 i histori\u0119 od \u015brodka. Niew\u0105tpliwie wycieczka na Meteory czy rejs na wysp\u0119 Skiathos utkwi w pami\u0119ci m\u0142odzie\u017cy na bardzo d\u0142ugi czas. Ewaluacja zar\u00f3wno pierwszej, jak i drugiej mobilno\u015bci pokaza\u0142a, \u017ce m\u0142odzie\u017c by\u0142a bardzo zadowolona z praktyk zawodowych oraz programu kulturowego i mo\u017cliwo\u015bci poznania kraju staro\u017cytnej Hellady.<\/p>\n\n\n\n<p class=\"has-text-align-justify\">W I mobilno\u015bci, kt\u00f3ra realizowana by\u0142a mi\u0119dzy 28 pa\u017adziernika a 8 listopada 2019 r. udzia\u0142 wzi\u0119\u0142o 12 uczni\u00f3w z Technikum Ekonomicznego oraz 10 z Technikum Informatycznego. Ze wzgl\u0119du na pandemi\u0119 i brak mo\u017cliwo\u015bci wyjazd\u00f3w zagranicznych wiosn\u0105 br., termin mobilno\u015bci II zosta\u0142 prze\u0142o\u017cony do realizacji na jesie\u0144. W czasie epidemii koronawirusa uleg\u0142y zmianom zasady wyjazd\u00f3w zagranicznych. Mobilno\u015b\u0107 odby\u0142a si\u0119 zgodnie z wytycznymi MEN i GIS.<\/p>\n\n\n\n<p class=\"has-text-align-justify\">W II mobilno\u015bci, kt\u00f3ra odby\u0142a si\u0119 mi\u0119dzy 4 a 17 pa\u017adziernika br. wzi\u0119li udzia\u0142 uczniowie kszta\u0142c\u0105cy si\u0119 w nast\u0119puj\u0105cych zawodach:<\/p>\n\n\n\n<ul class=\"wp-block-list\"><li>Technik Agrobiznesu \u2013 8 uczni\u00f3w<\/li><li>Kucharz \u2013 6 os\u00f3b<\/li><li>Mechanik Pojazd\u00f3w Samochodowych \u2013 6 os\u00f3b<\/li><li>Fryzjer \u2013 8 os\u00f3b<\/li><\/ul>\n\n\n\n<p class=\"has-text-align-justify\"><strong>\u0141\u0105cznie, w ramach projektu 50 uczni\u00f3w<\/strong><strong> <\/strong>klas Technikum i Bran\u017cowej Szko\u0142y I Stopnia<strong>, <\/strong><strong>wchodz\u0105cych w sk\u0142ad ZSP im. Jana Kochanowskiego w W\u0119growie uczestniczy\u0142o w <\/strong>dw\u00f3ch mobilno\u015bciach zagranicznych.<\/p>\n\n\n\n<p>W efekcie odbycia sta\u017cu nasi uczniowie mi\u0119dzy innymi:<\/p>\n\n\n\n<ul class=\"wp-block-list\"><li>podnie\u015bli umiej\u0119tno\u015bci pracy w grupie;<\/li><li>podnie\u015bli znajomo\u015bci i zdolno\u015bci pos\u0142ugiwania si\u0119 j\u0119zykiem angielskim;<\/li><li>podnie\u015bli swoj\u0105 samoocen\u0119;<\/li><li>podnie\u015bli kompetencje spo\u0142eczne;<\/li><li>nawi\u0105zali nowe mi\u0119dzynarodowe przyja\u017anie;<\/li><li>podnie\u015bli znajomo\u015b\u0107 i zdolno\u015b\u0107 pos\u0142ugiwania si\u0119 j\u0119zykiem angielskim bran\u017cowym;<\/li><li>podnie\u015bli wiedz\u0119 i umiej\u0119tno\u015bci zwi\u0105zane z wykszta\u0142ceniem zawodowym;<\/li><li>wykorzystali wiedz\u0119 teoretyczn\u0105 w praktyce;<\/li><li>poznali realne warunki pracy zawodowej.<\/li><\/ul>\n\n\n\n<p class=\"has-text-align-justify\">Organizacj\u0105 partnersk\u0105, kt\u00f3ra dba\u0142a o wsparcie uczestnik\u00f3w na miejscu, zapewniaj\u0105c najwy\u017cszy mo\u017cliwy stopie\u0144 bezpiecze\u0144stwa i komfortu by\u0142 Georgikes Ekmetaleuseis &amp; Training Services posiadaj\u0105cy bogate do\u015bwiadczenie w organizacji kszta\u0142cenia i szkolenia zawodowego w regionie Riwiery Olimpijskiej.<\/p>\n\n\n\n<p class=\"has-text-align-justify\">Ten projekt dobiega ko\u0144ca a 10 grudnia 2020 r. zosta\u0142 zakontraktowany kolejny i wkr\u00f3tce rozpocznie si\u0119 rekrutacja 82 uczni\u00f3w ch\u0119tnych do wzi\u0119cia udzia\u0142u w kolejnych dw\u00f3ch mobilno\u015bciach w ramach nowego projektu pt. \u201eInwestycja w wiedz\u0119 i umiej\u0119tno\u015bci bram\u0105 do sukcesu zawodowego\u201d.<\/p>\n\n\n\n<p class=\"has-text-align-justify\">Za\u0142\u0105czona broszura stanowi element podsumowania zrealizowanych dzia\u0142a\u0144, a tak\u017ce dzielenia si\u0119 dobrymi praktykami dla sektora kszta\u0142cenia i szkolenia zawodowego w kontek\u015bcie realizacji r\u00f3\u017cnego rodzaju form praktycznej nauki zawodu, w tym we wsp\u00f3\u0142pracy z zagranicznymi podmiotami sektora i przedsi\u0119biorstwami.<\/p>\n\n\n\n[Best_Wordpress_Gallery id=&#8221;28&#8243; gal_title=&#8221;We\u0328gro\u0301w &#8211; broszura&#8221;]\n\n\n\n\n\n<hr class=\"wp-block-separator has-text-color has-background has-black-background-color has-black-color is-style-wide\"\/>\n\n\n\n<h4 class=\"has-text-align-center wp-block-heading\"> <strong>Lista os\u00f3b zakwalifikowanych do udzia\u0142u w projekcie<\/strong> <\/h4>\n\n\n\n<figure class=\"wp-block-gallery aligncenter columns-2 is-cropped wp-block-gallery-1 is-layout-flex wp-block-gallery-is-layout-flex\"><ul class=\"blocks-gallery-grid\"><li class=\"blocks-gallery-item\"><figure><a href=\"https:\/\/i0.wp.com\/zsp.wegrow.pl\/wp-content\/uploads\/2020\/02\/01-5.jpg\"><img data-recalc-dims=\"1\" fetchpriority=\"high\" decoding=\"async\" width=\"617\" height=\"872\" src=\"https:\/\/i0.wp.com\/zsp.wegrow.pl\/wp-content\/uploads\/2020\/02\/01-5.jpg?resize=617%2C872\" alt=\"\" data-id=\"4101\" data-full-url=\"http:\/\/zsp.wegrow.pl\/wp-content\/uploads\/2020\/02\/01-5.jpg\" data-link=\"http:\/\/zsp.wegrow.pl\/index.php\/projekt-3-2-1-start-inwestycja-w-wiedze-brama-do-sukcesu-zawodowego\/01-95\/\" class=\"wp-image-4101\" srcset=\"https:\/\/i0.wp.com\/zsp.wegrow.pl\/wp-content\/uploads\/2020\/02\/01-5.jpg?w=617&amp;ssl=1 617w, https:\/\/i0.wp.com\/zsp.wegrow.pl\/wp-content\/uploads\/2020\/02\/01-5.jpg?resize=212%2C300&amp;ssl=1 212w, https:\/\/i0.wp.com\/zsp.wegrow.pl\/wp-content\/uploads\/2020\/02\/01-5.jpg?resize=106%2C150&amp;ssl=1 106w\" sizes=\"(max-width: 617px) 100vw, 617px\" \/><\/a><\/figure><\/li><li class=\"blocks-gallery-item\"><figure><a href=\"https:\/\/i0.wp.com\/zsp.wegrow.pl\/wp-content\/uploads\/2020\/02\/02-6.jpg\"><img data-recalc-dims=\"1\" decoding=\"async\" width=\"617\" height=\"872\" src=\"https:\/\/i0.wp.com\/zsp.wegrow.pl\/wp-content\/uploads\/2020\/02\/02-6.jpg?resize=617%2C872\" alt=\"\" data-id=\"4102\" data-full-url=\"http:\/\/zsp.wegrow.pl\/wp-content\/uploads\/2020\/02\/02-6.jpg\" data-link=\"http:\/\/zsp.wegrow.pl\/index.php\/projekt-3-2-1-start-inwestycja-w-wiedze-brama-do-sukcesu-zawodowego\/02-90\/\" class=\"wp-image-4102\" srcset=\"https:\/\/i0.wp.com\/zsp.wegrow.pl\/wp-content\/uploads\/2020\/02\/02-6.jpg?w=617&amp;ssl=1 617w, https:\/\/i0.wp.com\/zsp.wegrow.pl\/wp-content\/uploads\/2020\/02\/02-6.jpg?resize=212%2C300&amp;ssl=1 212w, https:\/\/i0.wp.com\/zsp.wegrow.pl\/wp-content\/uploads\/2020\/02\/02-6.jpg?resize=106%2C150&amp;ssl=1 106w\" sizes=\"(max-width: 617px) 100vw, 617px\" \/><\/a><\/figure><\/li><\/ul><\/figure>\n\n\n\n<div style=\"height:30px\" aria-hidden=\"true\" class=\"wp-block-spacer\"><\/div>\n\n\n\n<hr class=\"wp-block-separator has-text-color has-background has-black-background-color has-black-color is-style-wide\"\/>\n\n\n\n<div style=\"height:30px\" aria-hidden=\"true\" class=\"wp-block-spacer\"><\/div>\n\n\n\n<h4 class=\"has-text-align-center wp-block-heading\">Rusza rekrutacja do II cz\u0119\u015bci projektu<strong> &#8222;<em>3, 2, 1 &#8211; Start! Inwestycja w wiedz\u0119 bram\u0105 do sukcesu zawodowego!&#8221; \u2013 <\/em><\/strong>II mobilno\u015b\u0107<\/h4>\n\n\n\n<p class=\"has-text-align-justify\">Zapraszamy do zapoznania si\u0119 ze\nwszystkim za\u0142\u0105cznikami do niniejszego og\u0142oszenia, a szczeg\u00f3lnie z regulaminem\nrekrutacji, kt\u00f3ry okre\u015bla zasady i obowi\u0105zki wynikaj\u0105ce z uczestnictwa w\nprojekcie. II mobilno\u015b\u0107 w projekcie, kt\u00f3rej dotyczy niniejsza rekrutacja\nobejmuje uczni\u00f3w kszta\u0142c\u0105cych si\u0119 w nast\u0119puj\u0105cych zawodach: Technik Agrobiznesu\n(8 uczni\u00f3w), Fryzjer (8 uczni\u00f3w), Mechanik Pojazd\u00f3w Samochodowych (6 uczni\u00f3w)\noraz Kucharz (6 uczni\u00f3w). W sumie 28 os\u00f3b. Mobilno\u015b\u0107 Odb\u0119dzie si\u0119 mi\u0119dzy 18.05-29.05.2020.\nWszelkie potrzebne dokumenty zg\u0142oszeniowe mo\u017cna znale\u017a\u0107 w za\u0142\u0105cznikach lub\nsekretariacie szko\u0142y. <\/p>\n\n\n\n<div class=\"wp-block-file\"><a href=\"http:\/\/zsp.wegrow.pl\/wp-content\/uploads\/2020\/01\/Formularz-zg\u0142oszeniowy.pdf\" target=\"_blank\" rel=\"noreferrer noopener\">Formularz zg\u0142oszeniowy<\/a><a href=\"http:\/\/zsp.wegrow.pl\/wp-content\/uploads\/2020\/01\/Formularz-zg\u0142oszeniowy.pdf\" class=\"wp-block-file__button\" download>Pobierz<\/a><\/div>\n\n\n\n<div class=\"wp-block-file\"><a href=\"http:\/\/zsp.wegrow.pl\/wp-content\/uploads\/2020\/01\/O\u015bwiadczenie-uczestnika.pdf\" target=\"_blank\" rel=\"noreferrer noopener\">O\u015bwiadczenie uczestnika<\/a><a href=\"http:\/\/zsp.wegrow.pl\/wp-content\/uploads\/2020\/01\/O\u015bwiadczenie-uczestnika.pdf\" class=\"wp-block-file__button\" download>Pobierz<\/a><\/div>\n\n\n\n<div class=\"wp-block-file\"><a href=\"http:\/\/zsp.wegrow.pl\/wp-content\/uploads\/2020\/01\/Zgoda-rodzica.pdf\" target=\"_blank\" rel=\"noreferrer noopener\">Zgoda rodzica<\/a><a href=\"http:\/\/zsp.wegrow.pl\/wp-content\/uploads\/2020\/01\/Zgoda-rodzica.pdf\" class=\"wp-block-file__button\" download>Pobierz<\/a><\/div>\n\n\n\n<div class=\"wp-block-file\"><a href=\"http:\/\/zsp.wegrow.pl\/wp-content\/uploads\/2020\/01\/Regulamin-Rekrutacji_ZSP-W\u0119gr\u00f3w.pdf\" target=\"_blank\" rel=\"noreferrer noopener\">Regulamin Rekrutacji ZSP W\u0119gr\u00f3w<\/a><a href=\"http:\/\/zsp.wegrow.pl\/wp-content\/uploads\/2020\/01\/Regulamin-Rekrutacji_ZSP-W\u0119gr\u00f3w.pdf\" class=\"wp-block-file__button\" download>Pobierz<\/a><\/div>\n\n\n\n<div style=\"height:30px\" aria-hidden=\"true\" class=\"wp-block-spacer\"><\/div>\n\n\n\n<hr class=\"wp-block-separator has-text-color has-background has-black-background-color has-black-color is-style-wide\"\/>\n\n\n\n<hr class=\"wp-block-separator has-text-color has-background has-black-background-color has-black-color is-style-wide\"\/>\n\n\n\n<p class=\"has-text-align-justify\">Zapraszamy serdeczenie do \u015bledzenia post\u0119p\u00f3w w realizacji projektu &#8222;3, 2, 1 &#8211; Start! Inwestycja w wiedz\u0119 bram\u0105 do sukcesu zawodowego\u201d, kt\u00f3ry jest realizowany w ramach Programu Operacyjnego Wiedza Edukacja Rozw\u00f3j. Na stronie projektu udost\u0119pniane b\u0119d\u0105 r\u00f3\u017cne tre\u015bci w postaci opis\u00f3w czy zdj\u0119\u0107 z pobytu w Grecji, a tak\u017ce samych przygotowa\u0144.<br><a href=\"https:\/\/www.facebook.com\/321-Start-Inwestycja-w-wiedz%C4%99-bram%C4%85-do-sukcesu-zawodowego-114003046684876\/?__tn__=K-R&amp;eid=ARDzWZAivseCafdPWQHMD7nSIVJoiIJty5Y48L1uA_dj3Tr6rtgpPQ1UXf4owm42YLEJE8na40mUnWwY&amp;fref=mentions&amp;__xts__%5B0%5D=68.ARBKMAQ9LBAMC8jbVKfNcjfenBZ-TVPnOjgWp25fM1S8EmNM9Vq_zWCwxIEi3sjsSJSkef4Om9y8JfbWkQh-49o8i6i4MTw7QCW3d15EtIsCsJ2Ysnry4emvaVbJQWdTYb76f7WT6p0Rv8vM4h4o3y-5jeXvBohKTJpL7bk_tLAUPQzWC6wb7PezaPHEgtaj98H2hNYjrBz5XMmHp2kDH-0siBKRkPUT6RR9c3keVkyTf9jmk1X0S0s6P13vzxmqlP-Bwg7PTdZ7vSFJHniN7cHCEN2ajwvwkQiQun_7zJLe6BnSeZTTlv2ScDRcBWLACoAGzayVXWM3o1gPEgtqe0s\" target=\"_blank\" rel=\"noreferrer noopener\" aria-label=\"https:\/\/www.facebook.com\/321-Start-Inwestycja-w-wiedz\u0119-bram\u0105-do-sukcesu-zawodowego-114003046684876\/?modal=admin_todo_tour  (otwiera si\u0119 na nowej zak\u0142adce)\">https:\/\/www.facebook.com\/321-Start-Inwestycja-w-wiedz\u0119-bram\u0105-do-sukcesu-zawodowego-114003046684876\/?modal=admin_todo_tour <\/a><\/p>\n\n\n\n<hr class=\"wp-block-separator is-style-wide\"\/>\n\n\n<div class=\"pt-cv-wrapper\"><div class=\"pt-cv-view pt-cv-grid pt-cv-colsys\" id=\"pt-cv-view-6f75d17na8\"><div data-id=\"pt-cv-page-1\" class=\"pt-cv-page\" data-cvc=\"2\"><div class=\"col-md-6 col-sm-6 col-xs-12 pt-cv-content-item pt-cv-1-col\" ><div class='pt-cv-ifield'><a href=\"https:\/\/zsp.wegrow.pl\/index.php\/2021\/05\/15\/tworzymy-i-realizujemy-projekty\/\" class=\"_self pt-cv-href-thumbnail pt-cv-thumb-default\" target=\"_self\" ><img decoding=\"async\" width=\"300\" height=\"169\" src=\"https:\/\/i0.wp.com\/zsp.wegrow.pl\/wp-content\/uploads\/2021\/05\/szkola_t.jpg?fit=300%2C169&amp;ssl=1\" class=\"pt-cv-thumbnail\" alt=\"\" srcset=\"https:\/\/i0.wp.com\/zsp.wegrow.pl\/wp-content\/uploads\/2021\/05\/szkola_t.jpg?w=850&amp;ssl=1 850w, https:\/\/i0.wp.com\/zsp.wegrow.pl\/wp-content\/uploads\/2021\/05\/szkola_t.jpg?resize=300%2C169&amp;ssl=1 300w, https:\/\/i0.wp.com\/zsp.wegrow.pl\/wp-content\/uploads\/2021\/05\/szkola_t.jpg?resize=150%2C84&amp;ssl=1 150w, https:\/\/i0.wp.com\/zsp.wegrow.pl\/wp-content\/uploads\/2021\/05\/szkola_t.jpg?resize=768%2C432&amp;ssl=1 768w, https:\/\/i0.wp.com\/zsp.wegrow.pl\/wp-content\/uploads\/2021\/05\/szkola_t.jpg?resize=24%2C13&amp;ssl=1 24w, https:\/\/i0.wp.com\/zsp.wegrow.pl\/wp-content\/uploads\/2021\/05\/szkola_t.jpg?resize=36%2C20&amp;ssl=1 36w, https:\/\/i0.wp.com\/zsp.wegrow.pl\/wp-content\/uploads\/2021\/05\/szkola_t.jpg?resize=48%2C27&amp;ssl=1 48w\" sizes=\"(max-width: 300px) 100vw, 300px\" \/><\/a>\n<h4 class=\"pt-cv-title\"><a href=\"https:\/\/zsp.wegrow.pl\/index.php\/2021\/05\/15\/tworzymy-i-realizujemy-projekty\/\" class=\"_self\" target=\"_self\" >Tworzymy i realizujemy projekty\u2026<\/a><\/h4>\n<div class=\"pt-cv-content\">Z satysfakcj\u0105 informujemy, \u017ce dobiega ko\u0144ca realizacja projektu \u201eSzko\u0142y z duchem czasu\u201d, dofinansowanego w konkursie 10.1.1 organizowanym przez Mazowieck\u0105 Jednostk\u0119 ...<br \/><div class=\"pt-cv-rmwrap\"><a href=\"https:\/\/zsp.wegrow.pl\/index.php\/2021\/05\/15\/tworzymy-i-realizujemy-projekty\/\" class=\"_self pt-cv-readmore btn btn-success\" target=\"_self\">Czytaj Dalej<\/a><\/div><\/div><\/div><\/div>\n<div class=\"col-md-6 col-sm-6 col-xs-12 pt-cv-content-item pt-cv-1-col\" ><div class='pt-cv-ifield'><a href=\"https:\/\/zsp.wegrow.pl\/index.php\/2020\/10\/16\/321-start-inwestycja-w-wiedze-brama-do-sukcesu-zawodowego-2\/\" class=\"_self pt-cv-href-thumbnail pt-cv-thumb-default\" target=\"_self\" ><img loading=\"lazy\" decoding=\"async\" width=\"300\" height=\"212\" src=\"https:\/\/i0.wp.com\/zsp.wegrow.pl\/wp-content\/uploads\/2019\/08\/321.jpg?fit=300%2C212&amp;ssl=1\" class=\"pt-cv-thumbnail\" alt=\"\" srcset=\"https:\/\/i0.wp.com\/zsp.wegrow.pl\/wp-content\/uploads\/2019\/08\/321.jpg?w=842&amp;ssl=1 842w, https:\/\/i0.wp.com\/zsp.wegrow.pl\/wp-content\/uploads\/2019\/08\/321.jpg?resize=150%2C106&amp;ssl=1 150w, https:\/\/i0.wp.com\/zsp.wegrow.pl\/wp-content\/uploads\/2019\/08\/321.jpg?resize=300%2C212&amp;ssl=1 300w, https:\/\/i0.wp.com\/zsp.wegrow.pl\/wp-content\/uploads\/2019\/08\/321.jpg?resize=768%2C544&amp;ssl=1 768w, https:\/\/i0.wp.com\/zsp.wegrow.pl\/wp-content\/uploads\/2019\/08\/321.jpg?resize=840%2C596&amp;ssl=1 840w\" sizes=\"(max-width: 300px) 100vw, 300px\" \/><\/a>\n<h4 class=\"pt-cv-title\"><a href=\"https:\/\/zsp.wegrow.pl\/index.php\/2020\/10\/16\/321-start-inwestycja-w-wiedze-brama-do-sukcesu-zawodowego-2\/\" class=\"_self\" target=\"_self\" >3,2,1-Start, Inwestycja w wiedz\u0119 bram\u0105 do sukcesu zawodowego<\/a><\/h4>\n<div class=\"pt-cv-content\">Nie sam\u0105 prac\u0105 \u017cyje cz\u0142owiek! Po zako\u0144czonych zmianach wybrali\u015bmy si\u0119 na wycieczk\u0119 do Salonik, gdzie mieli\u015bmy okazj\u0119 zobaczy\u0107 Bia\u0142\u0105 Wie\u017c\u0119, ...<br \/><div class=\"pt-cv-rmwrap\"><a href=\"https:\/\/zsp.wegrow.pl\/index.php\/2020\/10\/16\/321-start-inwestycja-w-wiedze-brama-do-sukcesu-zawodowego-2\/\" class=\"_self pt-cv-readmore btn btn-success\" target=\"_self\">Czytaj Dalej<\/a><\/div><\/div><\/div><\/div>\n<div class=\"col-md-6 col-sm-6 col-xs-12 pt-cv-content-item pt-cv-1-col\" ><div class='pt-cv-ifield'><a href=\"https:\/\/zsp.wegrow.pl\/index.php\/2020\/10\/16\/321-start-inwestycja-w-wiedze-brama-do-sukcesu-zawodowego-dzien-10\/\" class=\"_self pt-cv-href-thumbnail pt-cv-thumb-default\" target=\"_self\" ><img loading=\"lazy\" decoding=\"async\" width=\"300\" height=\"212\" src=\"https:\/\/i0.wp.com\/zsp.wegrow.pl\/wp-content\/uploads\/2019\/08\/321.jpg?fit=300%2C212&amp;ssl=1\" class=\"pt-cv-thumbnail\" alt=\"\" srcset=\"https:\/\/i0.wp.com\/zsp.wegrow.pl\/wp-content\/uploads\/2019\/08\/321.jpg?w=842&amp;ssl=1 842w, https:\/\/i0.wp.com\/zsp.wegrow.pl\/wp-content\/uploads\/2019\/08\/321.jpg?resize=150%2C106&amp;ssl=1 150w, https:\/\/i0.wp.com\/zsp.wegrow.pl\/wp-content\/uploads\/2019\/08\/321.jpg?resize=300%2C212&amp;ssl=1 300w, https:\/\/i0.wp.com\/zsp.wegrow.pl\/wp-content\/uploads\/2019\/08\/321.jpg?resize=768%2C544&amp;ssl=1 768w, https:\/\/i0.wp.com\/zsp.wegrow.pl\/wp-content\/uploads\/2019\/08\/321.jpg?resize=840%2C596&amp;ssl=1 840w\" sizes=\"(max-width: 300px) 100vw, 300px\" \/><\/a>\n<h4 class=\"pt-cv-title\"><a href=\"https:\/\/zsp.wegrow.pl\/index.php\/2020\/10\/16\/321-start-inwestycja-w-wiedze-brama-do-sukcesu-zawodowego-dzien-10\/\" class=\"_self\" target=\"_self\" >3,2,1-Start, Inwestycja w wiedz\u0119 bram\u0105 do sukcesu zawodowego &#8211; dzie\u0144 10<\/a><\/h4>\n<div class=\"pt-cv-content\">Dziesi\u0105ty dzie\u0144 mobilno\u015bci i \u00f3smy dzie\u0144 praktyk zawodowych za nami. Z ka\u017cdym dniem uczniowie nabywaj\u0105 coraz wi\u0119cej nowych umiej\u0119tno\u015bci oraz ...<br \/><div class=\"pt-cv-rmwrap\"><a href=\"https:\/\/zsp.wegrow.pl\/index.php\/2020\/10\/16\/321-start-inwestycja-w-wiedze-brama-do-sukcesu-zawodowego-dzien-10\/\" class=\"_self pt-cv-readmore btn btn-success\" target=\"_self\">Czytaj Dalej<\/a><\/div><\/div><\/div><\/div>\n<div class=\"col-md-6 col-sm-6 col-xs-12 pt-cv-content-item pt-cv-1-col\" ><div class='pt-cv-ifield'><a href=\"https:\/\/zsp.wegrow.pl\/index.php\/2020\/10\/16\/321-start-inwestycja-w-wiedze-brama-do-sukcesu-zawodowego\/\" class=\"_self pt-cv-href-thumbnail pt-cv-thumb-default\" target=\"_self\" ><img loading=\"lazy\" decoding=\"async\" width=\"300\" height=\"212\" src=\"https:\/\/i0.wp.com\/zsp.wegrow.pl\/wp-content\/uploads\/2019\/08\/321.jpg?fit=300%2C212&amp;ssl=1\" class=\"pt-cv-thumbnail\" alt=\"\" srcset=\"https:\/\/i0.wp.com\/zsp.wegrow.pl\/wp-content\/uploads\/2019\/08\/321.jpg?w=842&amp;ssl=1 842w, https:\/\/i0.wp.com\/zsp.wegrow.pl\/wp-content\/uploads\/2019\/08\/321.jpg?resize=150%2C106&amp;ssl=1 150w, https:\/\/i0.wp.com\/zsp.wegrow.pl\/wp-content\/uploads\/2019\/08\/321.jpg?resize=300%2C212&amp;ssl=1 300w, https:\/\/i0.wp.com\/zsp.wegrow.pl\/wp-content\/uploads\/2019\/08\/321.jpg?resize=768%2C544&amp;ssl=1 768w, https:\/\/i0.wp.com\/zsp.wegrow.pl\/wp-content\/uploads\/2019\/08\/321.jpg?resize=840%2C596&amp;ssl=1 840w\" sizes=\"(max-width: 300px) 100vw, 300px\" \/><\/a>\n<h4 class=\"pt-cv-title\"><a href=\"https:\/\/zsp.wegrow.pl\/index.php\/2020\/10\/16\/321-start-inwestycja-w-wiedze-brama-do-sukcesu-zawodowego\/\" class=\"_self\" target=\"_self\" >3,2,1-Start, Inwestycja w wiedz\u0119 bram\u0105 do sukcesu zawodowego.<\/a><\/h4>\n<div class=\"pt-cv-content\">A tak bawili\u015bmy si\u0119 na wieczorze greckim w poniedzia\u0142ek! Greckie \u015bpiewy i ta\u0144ce! By\u0142o super! [Best_Wordpress_Gallery id=\"21\" gal_title=\"3,2,1-Start, Inwestycja w ...<br \/><div class=\"pt-cv-rmwrap\"><a href=\"https:\/\/zsp.wegrow.pl\/index.php\/2020\/10\/16\/321-start-inwestycja-w-wiedze-brama-do-sukcesu-zawodowego\/\" class=\"_self pt-cv-readmore btn btn-success\" target=\"_self\">Czytaj Dalej<\/a><\/div><\/div><\/div><\/div><\/div><\/div>\n<div class=\" pt-cv-pagination-wrapper\"><ul class=\"pt-cv-pagination pt-cv-ajax pagination\" data-totalpages=\"8\" data-currentpage=\"1\" data-sid=\"6f75d17na8\" data-unid=\"\" data-isblock=\"\" data-postid=\"\"><li class=\"active\"><a href=\"#\">1<\/a><\/li>\n\t<li ><a class=\"\" href=\"https:\/\/zsp.wegrow.pl\/index.php\/wp-json\/wp\/v2\/pages\/2158\/?_page=2\">2<\/a><\/li>\n\t<li ><a class=\"\" href=\"https:\/\/zsp.wegrow.pl\/index.php\/wp-json\/wp\/v2\/pages\/2158\/?_page=3\">3<\/a><\/li>\n\t<li ><a href=\"#\">&hellip;<\/a><\/li>\n\t<li ><a class=\"\" href=\"https:\/\/zsp.wegrow.pl\/index.php\/wp-json\/wp\/v2\/pages\/2158\/?_page=8\">8<\/a><\/li>\n\t<li ><a class=\" \" href=\"https:\/\/zsp.wegrow.pl\/index.php\/wp-json\/wp\/v2\/pages\/2158\/?_page=2\">&rsaquo;<\/a><\/li>\n\t<\/ul><img loading=\"lazy\" decoding=\"async\" width=\"15\" height=\"15\" class=\"pt-cv-spinner\" alt=\"Loading...\" src=\"data:image\/gif;base64,R0lGODlhDwAPALMPAMrKygwMDJOTkz09PZWVla+vr3p6euTk5M7OzuXl5TMzMwAAAJmZmWZmZszMzP\/\/\/yH\/C05FVFNDQVBFMi4wAwEAAAAh+QQFCgAPACwAAAAADwAPAAAEQvDJaZaZOIcV8iQK8VRX4iTYoAwZ4iCYoAjZ4RxejhVNoT+mRGP4cyF4Pp0N98sBGIBMEMOotl6YZ3S61Bmbkm4mAgAh+QQFCgAPACwAAAAADQANAAAENPDJSRSZeA418itN8QiK8BiLITVsFiyBBIoYqnoewAD4xPw9iY4XLGYSjkQR4UAUD45DLwIAIfkEBQoADwAsAAAAAA8ACQAABC\/wyVlamTi3nSdgwFNdhEJgTJoNyoB9ISYoQmdjiZPcj7EYCAeCF1gEDo4Dz2eIAAAh+QQFCgAPACwCAAAADQANAAAEM\/DJBxiYeLKdX3IJZT1FU0iIg2RNKx3OkZVnZ98ToRD4MyiDnkAh6BkNC0MvsAj0kMpHBAAh+QQFCgAPACwGAAAACQAPAAAEMDC59KpFDll73HkAA2wVY5KgiK5b0RRoI6MuzG6EQqCDMlSGheEhUAgqgUUAFRySIgAh+QQFCgAPACwCAAIADQANAAAEM\/DJKZNLND\/kkKaHc3xk+QAMYDKsiaqmZCxGVjSFFCxB1vwy2oOgIDxuucxAMTAJFAJNBAAh+QQFCgAPACwAAAYADwAJAAAEMNAs86q1yaWwwv2Ig0jUZx3OYa4XoRAfwADXoAwfo1+CIjyFRuEho60aSNYlOPxEAAAh+QQFCgAPACwAAAIADQANAAAENPA9s4y8+IUVcqaWJ4qEQozSoAzoIyhCK2NFU2SJk0hNnyEOhKR2AzAAj4Pj4GE4W0bkJQIAOw==\" \/><div class=\"clear pt-cv-clear-pagination\"><\/div><\/div><\/div>\n\n\n\n<hr class=\"wp-block-separator is-style-wide\"\/>\n\n\n\n<p class=\"has-text-align-center\" style=\"font-size:22px\"><strong>Informacja o udzieleniu zam\u00f3wienia<\/strong><\/p>\n\n\n\nngg_shortcode_0_placeholder\n\n\n\n<div class=\"wp-block-file\"><a href=\"http:\/\/zsp.wegrow.pl\/wp-content\/uploads\/2019\/10\/Informacja-o-udzieleniu-zam\u00f3wienia.pdf\" target=\"_blank\" rel=\"noreferrer noopener\">Informacja o udzieleniu zam\u00f3wienia<\/a><a href=\"http:\/\/zsp.wegrow.pl\/wp-content\/uploads\/2019\/10\/Informacja-o-udzieleniu-zam\u00f3wienia.pdf\" class=\"wp-block-file__button\" download>Pobierz<\/a><\/div>\n\n\n\n<hr class=\"wp-block-separator is-style-wide\"\/>\n\n\n\n<p class=\"has-text-align-center\" style=\"font-size:22px\"><strong>Informacja o ilo\u015bci z\u0142o\u017conych ofert<\/strong><\/p>\n\n\n\nngg_shortcode_1_placeholder\n\n\n\n<div class=\"wp-block-file\"><a href=\"http:\/\/zsp.wegrow.pl\/wp-content\/uploads\/2019\/10\/Informacja-o-ilo\u015bci-z\u0142o\u017conych-ofert.pdf\" target=\"_blank\" rel=\"noreferrer noopener\">Informacja o ilo\u015bci z\u0142o\u017conych ofert<\/a><a href=\"http:\/\/zsp.wegrow.pl\/wp-content\/uploads\/2019\/10\/Informacja-o-ilo\u015bci-z\u0142o\u017conych-ofert.pdf\" class=\"wp-block-file__button\" download>Pobierz<\/a><\/div>\n\n\n\n<hr class=\"wp-block-separator is-style-wide\"\/>\n\n\n\n<p class=\"has-text-align-center\" style=\"font-size:22px\"><strong>Og\u0142oszenie o przetargu<\/strong><\/p>\n\n\n\n<div class=\"wp-block-file\"><a href=\"http:\/\/zsp.wegrow.pl\/wp-content\/uploads\/2019\/10\/og\u0142oszenie-o-zam\u00f3wieniu-na-us\u0142ug\u0119-spo\u0142eczn\u0105.pdf\" target=\"_blank\" rel=\"noreferrer noopener\">Og\u0142oszenie o zam\u00f3wieniu na us\u0142ug\u0119 spo\u0142eczn\u0105<\/a><a href=\"http:\/\/zsp.wegrow.pl\/wp-content\/uploads\/2019\/10\/og\u0142oszenie-o-zam\u00f3wieniu-na-us\u0142ug\u0119-spo\u0142eczn\u0105.pdf\" class=\"wp-block-file__button\" download>Pobierz<\/a><\/div>\n\n\n\n<div class=\"wp-block-file\"><a href=\"http:\/\/zsp.wegrow.pl\/wp-content\/uploads\/2019\/10\/istotne-warunki-zam\u00f3wienia-na-us\u0142ug\u0119-spo\u0142eczn\u0105.pdf\" target=\"_blank\" rel=\"noreferrer noopener\">Istotne warunki zam\u00f3wienia na us\u0142ug\u0119 spo\u0142eczn\u0105<\/a><a href=\"http:\/\/zsp.wegrow.pl\/wp-content\/uploads\/2019\/10\/istotne-warunki-zam\u00f3wienia-na-us\u0142ug\u0119-spo\u0142eczn\u0105.pdf\" class=\"wp-block-file__button\" download>Pobierz<\/a><\/div>\n\n\n\n<div class=\"wp-block-file\"><a href=\"http:\/\/zsp.wegrow.pl\/wp-content\/uploads\/2019\/10\/Za\u0142\u0105cznik-nr-1-do-IWZ-Opis-Przedmiotu-Zam\u00f3wienia.pdf\" target=\"_blank\" rel=\"noreferrer noopener\">Za\u0142\u0105cznik nr 1 do IWZ &#8211; Opis Przedmiotu Zam\u00f3wienia<\/a><a href=\"http:\/\/zsp.wegrow.pl\/wp-content\/uploads\/2019\/10\/Za\u0142\u0105cznik-nr-1-do-IWZ-Opis-Przedmiotu-Zam\u00f3wienia.pdf\" class=\"wp-block-file__button\" download>Pobierz<\/a><\/div>\n\n\n\n<div class=\"wp-block-file\"><a href=\"http:\/\/zsp.wegrow.pl\/wp-content\/uploads\/2019\/10\/Za\u0142\u0105cznik-nr-2-do-IWZ-Formularz-Ofertowy.pdf\" target=\"_blank\" rel=\"noreferrer noopener\">Za\u0142\u0105cznik nr 2 do IWZ &#8211; Formularz Ofertowy<\/a><a href=\"http:\/\/zsp.wegrow.pl\/wp-content\/uploads\/2019\/10\/Za\u0142\u0105cznik-nr-2-do-IWZ-Formularz-Ofertowy.pdf\" class=\"wp-block-file__button\" download>Pobierz<\/a><\/div>\n\n\n\n<div class=\"wp-block-file\"><a href=\"http:\/\/zsp.wegrow.pl\/wp-content\/uploads\/2019\/10\/Za\u0142\u0105cznik-nr-3-do-IWZ-Do\u015bwiadczenie-wykaz-us\u0142ug.pdf\" target=\"_blank\" rel=\"noreferrer noopener\">Za\u0142\u0105cznik nr 3 do IWZ &#8211; Do\u015bwiadczenie &#8211; wykaz us\u0142ug<\/a><a href=\"http:\/\/zsp.wegrow.pl\/wp-content\/uploads\/2019\/10\/Za\u0142\u0105cznik-nr-3-do-IWZ-Do\u015bwiadczenie-wykaz-us\u0142ug.pdf\" class=\"wp-block-file__button\" download>Pobierz<\/a><\/div>\n\n\n\n<div class=\"wp-block-file\"><a href=\"http:\/\/zsp.wegrow.pl\/wp-content\/uploads\/2019\/10\/Za\u0142\u0105cznik-nr-4-do-IWZ-Wz\u00f3r-Umowy.pdf\" target=\"_blank\" rel=\"noreferrer noopener\">Za\u0142\u0105cznik nr 4 do IWZ &#8211; Wz\u00f3r Umowy<\/a><a href=\"http:\/\/zsp.wegrow.pl\/wp-content\/uploads\/2019\/10\/Za\u0142\u0105cznik-nr-4-do-IWZ-Wz\u00f3r-Umowy.pdf\" class=\"wp-block-file__button\" download>Pobierz<\/a><\/div>\n\n\n\n<div class=\"wp-block-file\"><a href=\"http:\/\/zsp.wegrow.pl\/wp-content\/uploads\/2019\/10\/Za\u0142\u0105cznik-nr-5-do-IWZ-Propozycja-menu.pdf\" target=\"_blank\" rel=\"noreferrer noopener\">Za\u0142\u0105cznik nr 5 do IWZ &#8211; Propozycja menu<\/a><a href=\"http:\/\/zsp.wegrow.pl\/wp-content\/uploads\/2019\/10\/Za\u0142\u0105cznik-nr-5-do-IWZ-Propozycja-menu.pdf\" class=\"wp-block-file__button\" download>Pobierz<\/a><\/div>\n\n\n\n<div class=\"wp-block-file\"><a href=\"http:\/\/zsp.wegrow.pl\/wp-content\/uploads\/2019\/10\/Za\u0142\u0105cznik-nr-6A-do-IWZ-O\u015bwiadczenie-wykonawcy.pdf\" target=\"_blank\" rel=\"noreferrer noopener\">Za\u0142\u0105cznik nr 6A do IWZ &#8211; O\u015bwiadczenie wykonawcy<\/a><a href=\"http:\/\/zsp.wegrow.pl\/wp-content\/uploads\/2019\/10\/Za\u0142\u0105cznik-nr-6A-do-IWZ-O\u015bwiadczenie-wykonawcy.pdf\" class=\"wp-block-file__button\" download>Pobierz<\/a><\/div>\n\n\n\n<div class=\"wp-block-file\"><a href=\"http:\/\/zsp.wegrow.pl\/wp-content\/uploads\/2019\/10\/Za\u0142\u0105cznik-nr-6B-do-IWZ-O\u015bwiadczenie-wykonawcy.pdf\" target=\"_blank\" rel=\"noreferrer noopener\">Za\u0142\u0105cznik nr 6B do IWZ &#8211; O\u015bwiadczenie wykonawcy<\/a><a href=\"http:\/\/zsp.wegrow.pl\/wp-content\/uploads\/2019\/10\/Za\u0142\u0105cznik-nr-6B-do-IWZ-O\u015bwiadczenie-wykonawcy.pdf\" class=\"wp-block-file__button\" download>Pobierz<\/a><\/div>\n\n\n\n<div class=\"wp-block-file\"><a href=\"http:\/\/zsp.wegrow.pl\/wp-content\/uploads\/2019\/10\/Za\u0142\u0105cznik-nr-6C-do-IWZ-O\u015bwiadczenie-brak-powi\u0105za\u0144.pdf\" target=\"_blank\" rel=\"noreferrer noopener\">Za\u0142\u0105cznik nr 6C do IWZ &#8211; O\u015bwiadczenie brak powi\u0105za\u0144<\/a><a href=\"http:\/\/zsp.wegrow.pl\/wp-content\/uploads\/2019\/10\/Za\u0142\u0105cznik-nr-6C-do-IWZ-O\u015bwiadczenie-brak-powi\u0105za\u0144.pdf\" class=\"wp-block-file__button\" download>Pobierz<\/a><\/div>\n\n\n\n<hr class=\"wp-block-separator is-style-wide\"\/>\n\n\n\n<p class=\"has-text-align-center\" style=\"font-size:22px\"><strong>Lista os\u00f3b zakwalifikowanych do udzia\u0142u w projekcie<\/strong><\/p>\n\n\n\nngg_shortcode_2_placeholder\n\n\n\n<hr class=\"wp-block-separator is-style-wide\"\/>\n\n\n\n<p class=\"has-text-align-center\" style=\"font-size:22px\">Rusza rekrutacja do projektu<strong>: <em>3, 2, 1 &#8211; Start! Inwestycja w wiedz\u0119 bram\u0105 do sukcesu zawodowego!<\/em><\/strong><\/p>\n\n\n\n<p class=\"has-text-align-justify\">Zapraszamy do zapoznania si\u0119 ze wszystkimi za\u0142\u0105cznikami do niniejszego og\u0142oszenia, a szczeg\u00f3lnie z regulaminem rekrutacji, kt\u00f3ry okre\u015bla zasady i obowi\u0105zki wynikaj\u0105ce z uczestnictwa w projekcie. Pierwsza mobilno\u015b\u0107 w projekcie, kt\u00f3rej dotyczy niniejsza rekrutacja odb\u0119dzie si\u0119 mi\u0119dzy 28.10-08.11.2019 i obejmie uczni\u00f3w Technikum Ekonomicznego (12 os\u00f3b) oraz Technikum Informatycznego (10 os\u00f3b). Wszelkie potrzebne dokumenty zg\u0142oszeniowe dost\u0119pne s\u0105 do pobrania w za\u0142\u0105cznikach na stronie poni\u017cej lub sekretariacie szko\u0142y. <\/p>\n\n\n\n<div class=\"wp-block-file\"><a href=\"http:\/\/zsp.wegrow.pl\/wp-content\/uploads\/2019\/08\/Formularz-zg\u0142oszeniowy.pdf\" target=\"_blank\" rel=\"noreferrer noopener\">Formularz zg\u0142oszeniowy<\/a><a href=\"http:\/\/zsp.wegrow.pl\/wp-content\/uploads\/2019\/08\/Formularz-zg\u0142oszeniowy.pdf\" class=\"wp-block-file__button\" download>Pobierz<\/a><\/div>\n\n\n\n<div class=\"wp-block-file\"><a href=\"http:\/\/zsp.wegrow.pl\/wp-content\/uploads\/2019\/08\/O\u015bwiadczenie-uczestnika.pdf\" target=\"_blank\" rel=\"noreferrer noopener\">O\u015bwiadczenie uczestnika<\/a><a href=\"http:\/\/zsp.wegrow.pl\/wp-content\/uploads\/2019\/08\/O\u015bwiadczenie-uczestnika.pdf\" class=\"wp-block-file__button\" download>Pobierz<\/a><\/div>\n\n\n\n<div class=\"wp-block-file\"><a href=\"http:\/\/zsp.wegrow.pl\/wp-content\/uploads\/2019\/08\/Zgoda-rodzica.pdf\" target=\"_blank\" rel=\"noreferrer noopener\">Zgoda rodzica<\/a><a href=\"http:\/\/zsp.wegrow.pl\/wp-content\/uploads\/2019\/08\/Zgoda-rodzica.pdf\" class=\"wp-block-file__button\" download>Pobierz<\/a><\/div>\n\n\n\n<div class=\"wp-block-file\"><a href=\"http:\/\/zsp.wegrow.pl\/wp-content\/uploads\/2019\/08\/Regulamin-Rekrutacji_ZSP-W\u0119gr\u00f3w.pdf\" target=\"_blank\" rel=\"noreferrer noopener\">Regulamin Rekrutacji ZSP W\u0119gr\u00f3w<\/a><a href=\"http:\/\/zsp.wegrow.pl\/wp-content\/uploads\/2019\/08\/Regulamin-Rekrutacji_ZSP-W\u0119gr\u00f3w.pdf\" class=\"wp-block-file__button\" download>Pobierz<\/a><\/div>\n\n\n\n<hr class=\"wp-block-separator is-style-wide\"\/>\n\n\n\n<p style=\"text-align:center\"><b><font size=\"5\">Uczniowie ZSP w W\u0119growie pojad\u0105 na praktyki do Grecji!<\/font><\/b><\/p>\n\n\n\n<p class=\"has-drop-cap has-text-align-justify\">Z pocz\u0105tkiem sierpnia Fundusz Rozwoju Systemu Edukacji og\u0142osi\u0142 list\u0119 wniosk\u00f3w zatwierdzonych do realizacji ze \u015brodk\u00f3w Europejskiego Funduszu Spo\u0142ecznego, Program Operacyjny Wiedza Edukacja Rozw\u00f3j (PO WER) w ramach projektu \u201eMi\u0119dzynarodowa mobilno\u015b\u0107 edukacyjna uczni\u00f3w i absolwent\u00f3w oraz kadry kszta\u0142cenia zawodowego. Projekt Tytu\u0142: 3, 2, 1 &#8211; Start! Inwestycja w wiedz\u0119 bram\u0105 do sukcesu zawodowego, numer 2019-1-PL01-KA102-062109 zosta\u0142 obj\u0119ty wy\u017cej wymienionym dofinansowaniem i b\u0119dzie realizowany w roku szkolnym 2019\/2020, we wsp\u00f3\u0142pracy z greck\u0105 organizacj\u0105 Georgikes Ekmetaleuseis &amp; Training Services. Projekt zak\u0142ada organizacj\u0119 dw\u00f3ch mobilno\u015bci zagranicznych naszych uczni\u00f3w, kt\u00f3re odb\u0119d\u0105 si\u0119 w nast\u0119puj\u0105cych datach:<br>1) 28.10-08.11.2019 (+ 2 dni podr\u00f3\u017cy) dla 12 Technik\u00f3w Ekonomist\u00f3w + 10 Technik\u00f3w Informatyk\u00f3w + 2 opiekun\u00f3w<br>2) 18.05-29.05.2020 (+ 2 dni podr\u00f3\u017cy) dla 8 Technik\u00f3w Agrobiznesu + 6 Kucharzy + 6 Mechanik\u00f3w Pojazd\u00f3w Samochodowych + 8 Fryzjer\u00f3w + 2 opiekun\u00f3w.<\/p>\n\n\n\n<p class=\"has-text-align-left\">Cele projektu s\u0105 nast\u0119puj\u0105ce:<br>a) Dla uczni\u00f3w:<br>&#8211; podniesienie umiej\u0119tno\u015bci pracy w grupie;<br>&#8211; podniesienie znajomo\u015bci i zdolno\u015bci pos\u0142ugiwania si\u0119 j\u0119zykiem angielskim;<br>&#8211; podniesienie samooceny uczni\u00f3w;<br>&#8211; wzrost kompetencji spo\u0142ecznych;<br>&#8211; nawi\u0105zanie przez uczni\u00f3w mi\u0119dzynarodowych przyja\u017ani;<br>&#8211; rozw\u00f3j wiedzy kulturowej i kszta\u0142towanie postaw spo\u0142ecznych opartych na tolerancji i szacunku dla warto\u015bci europejskich;<br>&#8211; wzrost pewno\u015bci siebie i \u015bwiadomo\u015bci swoich umiej\u0119tno\u015bci;<br>&#8211; prze\u0142amanie barier j\u0119zykowych, kulturowych i spo\u0142ecznych;<br>&#8211; podniesienie znajomo\u015bci i zdolno\u015bci pos\u0142ugiwania si\u0119 j\u0119zykiem angielskim bran\u017cowym;<br>&#8211; podniesienie wiedzy i umiej\u0119tno\u015bci zwi\u0105zanych z wykszta\u0142ceniem zawodowym uczni\u00f3w;<br>&#8211; przygotowanie uczni\u00f3w do pracy w zespo\u0142ach mi\u0119dzynarodowych;<br>&#8211; rozw\u00f3j zmys\u0142u adaptacji do nowych warunk\u00f3w pracy;<br>&#8211; poznanie nowych metod pracy i innowacyjnych rozwi\u0105za\u0144;<br>&#8211; rozw\u00f3j praktycznych umiej\u0119tno\u015bci zawodowych;<br>&#8211; wykorzystanie wiedzy teoretycznej w praktyce;<br>&#8211; poznanie realnych warunk\u00f3w pracy zawodowej.<br>b) Dla ZSP w W\u0119growie<br>&#8211; Podniesienie presti\u017cu szko\u0142y w regionie;<br>&#8211; wykorzystanie zaobserwowanych tzw. dobrych praktyk w nauczaniu -&gt; podniesienie jako\u015bci nauczania;<br>&#8211; zwi\u0119kszenie szans uczni\u00f3w ZSP w W\u0119growie na znalezienie lepszej pracy po zako\u0144czeniu edukacji;<br>&#8211; wzrost kompetencji nauczycieli, jako praktyk\u00f3w zawodu;<br>&#8211; wzmacnianie partnerstwa szko\u0142y na rzecz mobilno\u015bci zagranicznych uczni\u00f3w;<br>&#8211; rozw\u00f3j sieci kontakt\u00f3w i wsp\u00f3\u0142pracy mi\u0119dzynarodowej;<br>&#8211; lepsze dostosowywanie programu edukacyjnego i stosowanych metod kszta\u0142cenia do potrzeb uczni\u00f3w i wsp\u00f3\u0142czesnego rynku pracy;<br>&#8211; poprawa sytuacji na lokalnym rynku pracy poprzez kszta\u0142cenie uczni\u00f3w na absolwent\u00f3w \u015bwiadomych swojej wiedzy i umiej\u0119tno\u015bci, potrafi\u0105cych wykorzysta\u0107 je w praktyce oraz zdolnych do sprawnej adaptacji do warunk\u00f3w panuj\u0105cych w \u015brodowisku pracy.<\/p>\n\n\n\n<p class=\"has-text-align-justify\">Ju\u017c wkr\u00f3tce rozpocznie si\u0119 rekrutacja uczni\u00f3w ch\u0119tnych do wzi\u0119cia udzia\u0142u w I mobilno\u015bci w ramach projektu. Obejmie ona 12 uczni\u00f3w Technikum Ekonomicznego oraz 10 uczni\u00f3w Technikum Informatycznego, kt\u00f3rzy wyjad\u0105 do Grecji, aby realizowa\u0107 80-godzinny program praktyk zawodowych, realizowanych w greckich przedsi\u0119biorstwach dzia\u0142aj\u0105cych w bran\u017cach zgodnych z kierunkami kszta\u0142cenia. Uzupe\u0142nieniem tego b\u0119dzie tak\u017ce program kulturowy, w ramach kt\u00f3rego uczniowie i towarzysz\u0105cy im opiekunowie, b\u0119d\u0105 mieli okazj\u0119 pozna\u0107 lepiej specyfik\u0119 kulturow\u0105 Grecji.<\/p>\n","protected":false},"excerpt":{"rendered":"<p>Podsumowanie projektu Dobiega ko\u0144ca rok 2020 i wraz z nim Zesp\u00f3\u0142 Szk\u00f3\u0142 Ponadpodstawowych im. Jana Kochanowskiego w W\u0119growie ko\u0144czy z powodzeniem realizacj\u0119 projektu pt. Projekt \u201e3, 2, 1 &#8211; Start! Inwestycja w wiedz\u0119 bram\u0105 do<\/p>\n","protected":false},"author":1,"featured_media":2159,"parent":0,"menu_order":0,"comment_status":"closed","ping_status":"closed","template":"template-centered.php","meta":{"ngg_post_thumbnail":0,"_themeisle_gutenberg_block_has_review":false,"jetpack_post_was_ever_published":false,"footnotes":""},"class_list":["post-2158","page","type-page","status-publish","has-post-thumbnail","hentry"],"jetpack_sharing_enabled":true,"jetpack_shortlink":"https:\/\/wp.me\/PaT2nI-yO","_links":{"self":[{"href":"https:\/\/zsp.wegrow.pl\/index.php\/wp-json\/wp\/v2\/pages\/2158","targetHints":{"allow":["GET"]}}],"collection":[{"href":"https:\/\/zsp.wegrow.pl\/index.php\/wp-json\/wp\/v2\/pages"}],"about":[{"href":"https:\/\/zsp.wegrow.pl\/index.php\/wp-json\/wp\/v2\/types\/page"}],"author":[{"embeddable":true,"href":"https:\/\/zsp.wegrow.pl\/index.php\/wp-json\/wp\/v2\/users\/1"}],"replies":[{"embeddable":true,"href":"https:\/\/zsp.wegrow.pl\/index.php\/wp-json\/wp\/v2\/comments?post=2158"}],"version-history":[{"count":24,"href":"https:\/\/zsp.wegrow.pl\/index.php\/wp-json\/wp\/v2\/pages\/2158\/revisions"}],"predecessor-version":[{"id":5482,"href":"https:\/\/zsp.wegrow.pl\/index.php\/wp-json\/wp\/v2\/pages\/2158\/revisions\/5482"}],"wp:featuredmedia":[{"embeddable":true,"href":"https:\/\/zsp.wegrow.pl\/index.php\/wp-json\/wp\/v2\/media\/2159"}],"wp:attachment":[{"href":"https:\/\/zsp.wegrow.pl\/index.php\/wp-json\/wp\/v2\/media?parent=2158"}],"curies":[{"name":"wp","href":"https:\/\/api.w.org\/{rel}","templated":true}]}}